{"id":510,"date":"2026-06-25T17:12:32","date_gmt":"2026-06-25T17:12:32","guid":{"rendered":"https:\/\/cazadecimadevilla.pt\/?page_id=510"},"modified":"2026-07-06T16:17:45","modified_gmt":"2026-07-06T16:17:45","slug":"termos-e-condicoes","status":"publish","type":"page","link":"https:\/\/cazadecimadevilla.pt\/en\/termos-e-condicoes\/","title":{"rendered":"Termos e Condi\u00e7\u00f5es"},"content":{"rendered":"<div data-elementor-type=\"wp-page\" data-elementor-id=\"510\" class=\"elementor elementor-510\" data-elementor-post-type=\"page\">\n\t\t\t\t\t\t<section class=\"elementor-section elementor-top-section elementor-element elementor-element-958a2ec elementor-section-boxed elementor-section-height-default elementor-section-height-default\" data-id=\"958a2ec\" data-element_type=\"section\" data-e-type=\"section\">\n\t\t\t\t\t\t<div class=\"elementor-container elementor-column-gap-default\">\n\t\t\t\t\t<div class=\"elementor-column elementor-col-100 elementor-top-column elementor-element elementor-element-a65c137\" data-id=\"a65c137\" data-element_type=\"column\" data-e-type=\"column\">\n\t\t\t<div class=\"elementor-widget-wrap elementor-element-populated\">\n\t\t\t\t\t\t<div class=\"elementor-element elementor-element-40c3fc5 elementor-widget elementor-widget-heading\" data-id=\"40c3fc5\" data-element_type=\"widget\" data-e-type=\"widget\" data-widget_type=\"heading.default\">\n\t\t\t\t\t<h2 class=\"elementor-heading-title elementor-size-default\">Termos e Condi\u00e7\u00f5es<\/h2>\t\t\t\t<\/div>\n\t\t\t\t<div class=\"elementor-element elementor-element-979a99f elementor-widget elementor-widget-spacer\" data-id=\"979a99f\" data-element_type=\"widget\" data-e-type=\"widget\" data-widget_type=\"spacer.default\">\n\t\t\t\t\t\t\t<div class=\"elementor-spacer\">\n\t\t\t<div class=\"elementor-spacer-inner\"><\/div>\n\t\t<\/div>\n\t\t\t\t\t\t<\/div>\n\t\t\t\t<div class=\"elementor-element elementor-element-958f138 elementor-widget elementor-widget-text-editor\" data-id=\"958f138\" data-element_type=\"widget\" data-e-type=\"widget\" data-widget_type=\"text-editor.default\">\n\t\t\t\t\t\t\t\t\t<p>\u00daltima atualiza\u00e7\u00e3o: 25\/06\/2026<\/p>\t\t\t\t\t\t\t\t<\/div>\n\t\t\t\t<section class=\"elementor-section elementor-inner-section elementor-element elementor-element-580959b elementor-section-boxed elementor-section-height-default elementor-section-height-default\" data-id=\"580959b\" data-element_type=\"section\" data-e-type=\"section\">\n\t\t\t\t\t\t<div class=\"elementor-container elementor-column-gap-default\">\n\t\t\t\t\t<div class=\"elementor-column elementor-col-100 elementor-inner-column elementor-element elementor-element-fba62c6\" data-id=\"fba62c6\" data-element_type=\"column\" data-e-type=\"column\">\n\t\t\t<div class=\"elementor-widget-wrap elementor-element-populated\">\n\t\t\t\t\t\t<div class=\"elementor-element elementor-element-5c80768 elementor-widget elementor-widget-heading\" data-id=\"5c80768\" data-element_type=\"widget\" data-e-type=\"widget\" data-widget_type=\"heading.default\">\n\t\t\t\t\t<p class=\"elementor-heading-title elementor-size-default\">1. Identifica\u00e7\u00e3o do Alojamento<\/p>\t\t\t\t<\/div>\n\t\t\t\t<div class=\"elementor-element elementor-element-ab0217d elementor-widget elementor-widget-text-editor\" data-id=\"ab0217d\" data-element_type=\"widget\" data-e-type=\"widget\" data-widget_type=\"text-editor.default\">\n\t\t\t\t\t\t\t\t\t<p>As presentes Condi\u00e7\u00f5es Gerais regulam a utiliza\u00e7\u00e3o do empreendimento de Turismo Rural localizado na Rua Cimo de Vila, Fonte Arcada, composto por 7 suites e 1 apartamento com kitchenette, com capacidade m\u00e1xima de alojamento para 24 h\u00f3spedes.<br \/>A realiza\u00e7\u00e3o de uma reserva implica a aceita\u00e7\u00e3o integral das presentes condi\u00e7\u00f5es.<\/p>\t\t\t\t\t\t\t\t<\/div>\n\t\t\t\t\t<\/div>\n\t\t<\/div>\n\t\t\t\t\t<\/div>\n\t\t<\/section>\n\t\t\t\t<section class=\"elementor-section elementor-inner-section elementor-element elementor-element-0223498 elementor-section-boxed elementor-section-height-default elementor-section-height-default\" data-id=\"0223498\" data-element_type=\"section\" data-e-type=\"section\">\n\t\t\t\t\t\t<div class=\"elementor-container elementor-column-gap-default\">\n\t\t\t\t\t<div class=\"elementor-column elementor-col-100 elementor-inner-column elementor-element elementor-element-a393149\" data-id=\"a393149\" data-element_type=\"column\" data-e-type=\"column\">\n\t\t\t<div class=\"elementor-widget-wrap elementor-element-populated\">\n\t\t\t\t\t\t<div class=\"elementor-element elementor-element-ae8eaba elementor-widget elementor-widget-heading\" data-id=\"ae8eaba\" data-element_type=\"widget\" data-e-type=\"widget\" data-widget_type=\"heading.default\">\n\t\t\t\t\t<p class=\"elementor-heading-title elementor-size-default\">2. Reservas<\/p>\t\t\t\t<\/div>\n\t\t\t\t<div class=\"elementor-element elementor-element-2580a1c elementor-widget elementor-widget-text-editor\" data-id=\"2580a1c\" data-element_type=\"widget\" data-e-type=\"widget\" data-widget_type=\"text-editor.default\">\n\t\t\t\t\t\t\t\t\t<p>As reservas podem ser efetuadas atrav\u00e9s do website, plataformas de reserva online, correio eletr\u00f3nico, telefone ou outros meios disponibilizados pela unidade. A reserva apenas se considera confirmada ap\u00f3s rece\u00e7\u00e3o da confirma\u00e7\u00e3o escrita e\/ou do pagamento acordado. O titular da reserva dever\u00e1 ter idade m\u00ednima de 18 anos.<\/p>\t\t\t\t\t\t\t\t<\/div>\n\t\t\t\t\t<\/div>\n\t\t<\/div>\n\t\t\t\t\t<\/div>\n\t\t<\/section>\n\t\t\t\t<section class=\"elementor-section elementor-inner-section elementor-element elementor-element-f3edbf0 elementor-section-boxed elementor-section-height-default elementor-section-height-default\" data-id=\"f3edbf0\" data-element_type=\"section\" data-e-type=\"section\">\n\t\t\t\t\t\t<div class=\"elementor-container elementor-column-gap-default\">\n\t\t\t\t\t<div class=\"elementor-column elementor-col-100 elementor-inner-column elementor-element elementor-element-0e9fec7\" data-id=\"0e9fec7\" data-element_type=\"column\" data-e-type=\"column\">\n\t\t\t<div class=\"elementor-widget-wrap elementor-element-populated\">\n\t\t\t\t\t\t<div class=\"elementor-element elementor-element-0174482 elementor-widget elementor-widget-heading\" data-id=\"0174482\" data-element_type=\"widget\" data-e-type=\"widget\" data-widget_type=\"heading.default\">\n\t\t\t\t\t<p class=\"elementor-heading-title elementor-size-default\">3. Capacidade M\u00e1xima<\/p>\t\t\t\t<\/div>\n\t\t\t\t<div class=\"elementor-element elementor-element-8e2dcac elementor-widget elementor-widget-text-editor\" data-id=\"8e2dcac\" data-element_type=\"widget\" data-e-type=\"widget\" data-widget_type=\"text-editor.default\">\n\t\t\t\t\t\t\t\t\t<p>A capacidade m\u00e1xima de alojamento \u00e9 de 24 pessoas. N\u00e3o \u00e9 permitida a perman\u00eancia ou pernoita de pessoas n\u00e3o registadas na reserva sem autoriza\u00e7\u00e3o pr\u00e9via da ger\u00eancia.<\/p>\t\t\t\t\t\t\t\t<\/div>\n\t\t\t\t\t<\/div>\n\t\t<\/div>\n\t\t\t\t\t<\/div>\n\t\t<\/section>\n\t\t\t\t<section class=\"elementor-section elementor-inner-section elementor-element elementor-element-fca9d8e elementor-section-boxed elementor-section-height-default elementor-section-height-default\" data-id=\"fca9d8e\" data-element_type=\"section\" data-e-type=\"section\">\n\t\t\t\t\t\t<div class=\"elementor-container elementor-column-gap-default\">\n\t\t\t\t\t<div class=\"elementor-column elementor-col-100 elementor-inner-column elementor-element elementor-element-c882e54\" data-id=\"c882e54\" data-element_type=\"column\" data-e-type=\"column\">\n\t\t\t<div class=\"elementor-widget-wrap elementor-element-populated\">\n\t\t\t\t\t\t<div class=\"elementor-element elementor-element-5bbd16d elementor-widget elementor-widget-heading\" data-id=\"5bbd16d\" data-element_type=\"widget\" data-e-type=\"widget\" data-widget_type=\"heading.default\">\n\t\t\t\t\t<p class=\"elementor-heading-title elementor-size-default\">4. Pre\u00e7os e Pagamentos<\/p>\t\t\t\t<\/div>\n\t\t\t\t<div class=\"elementor-element elementor-element-2b77e33 elementor-widget elementor-widget-text-editor\" data-id=\"2b77e33\" data-element_type=\"widget\" data-e-type=\"widget\" data-widget_type=\"text-editor.default\">\n\t\t\t\t\t\t\t\t\t<p>Os pre\u00e7os apresentados correspondem ao alojamento e incluem os impostos legalmente aplic\u00e1veis, salvo indica\u00e7\u00e3o em contr\u00e1rio. A unidade reserva-se o direito de alterar pre\u00e7os futuros sem aviso pr\u00e9vio, n\u00e3o afetando reservas j\u00e1 confirmadas. Os pagamentos poder\u00e3o ser efetuados atrav\u00e9s dos meios disponibilizados pela unidade.<\/p>\t\t\t\t\t\t\t\t<\/div>\n\t\t\t\t\t<\/div>\n\t\t<\/div>\n\t\t\t\t\t<\/div>\n\t\t<\/section>\n\t\t\t\t<section class=\"elementor-section elementor-inner-section elementor-element elementor-element-22c965e elementor-section-boxed elementor-section-height-default elementor-section-height-default\" data-id=\"22c965e\" data-element_type=\"section\" data-e-type=\"section\">\n\t\t\t\t\t\t<div class=\"elementor-container elementor-column-gap-default\">\n\t\t\t\t\t<div class=\"elementor-column elementor-col-100 elementor-inner-column elementor-element elementor-element-19e6ee3\" data-id=\"19e6ee3\" data-element_type=\"column\" data-e-type=\"column\">\n\t\t\t<div class=\"elementor-widget-wrap elementor-element-populated\">\n\t\t\t\t\t\t<div class=\"elementor-element elementor-element-40cd958 elementor-widget elementor-widget-heading\" data-id=\"40cd958\" data-element_type=\"widget\" data-e-type=\"widget\" data-widget_type=\"heading.default\">\n\t\t\t\t\t<p class=\"elementor-heading-title elementor-size-default\">5. Pol\u00edtica de Cancelamento<\/p>\t\t\t\t<\/div>\n\t\t\t\t<div class=\"elementor-element elementor-element-a9fa1ef elementor-widget elementor-widget-text-editor\" data-id=\"a9fa1ef\" data-element_type=\"widget\" data-e-type=\"widget\" data-widget_type=\"text-editor.default\">\n\t\t\t\t\t\t\t\t\t<p><strong>Cancelamento at\u00e9 10 dias antes da data de chegada<\/strong>: O h\u00f3spede tem direito ao reembolso total dos valores pagos.<\/p><p><strong>Cancelamento entre 10 e 5 dias antes da data de chegada:<\/strong> Ser\u00e1 reembolsado 50% do valor total da reserva.<\/p><p><strong>Cancelamento com menos de 5 dias antes da chegada:<\/strong> N\u00e3o haver\u00e1 lugar a qualquer reembolso.<\/p><p><strong>N\u00e3o Compar\u00eancia (No-Show):<\/strong> Em caso de n\u00e3o compar\u00eancia na data prevista de chegada, n\u00e3o haver\u00e1 direito a reembolso de quaisquer montantes pagos.<\/p>\t\t\t\t\t\t\t\t<\/div>\n\t\t\t\t\t<\/div>\n\t\t<\/div>\n\t\t\t\t\t<\/div>\n\t\t<\/section>\n\t\t\t\t<section class=\"elementor-section elementor-inner-section elementor-element elementor-element-d84e889 elementor-section-boxed elementor-section-height-default elementor-section-height-default\" data-id=\"d84e889\" data-element_type=\"section\" data-e-type=\"section\">\n\t\t\t\t\t\t<div class=\"elementor-container elementor-column-gap-default\">\n\t\t\t\t\t<div class=\"elementor-column elementor-col-100 elementor-inner-column elementor-element elementor-element-6d5e9c8\" data-id=\"6d5e9c8\" data-element_type=\"column\" data-e-type=\"column\">\n\t\t\t<div class=\"elementor-widget-wrap elementor-element-populated\">\n\t\t\t\t\t\t<div class=\"elementor-element elementor-element-094dace elementor-widget elementor-widget-heading\" data-id=\"094dace\" data-element_type=\"widget\" data-e-type=\"widget\" data-widget_type=\"heading.default\">\n\t\t\t\t\t<p class=\"elementor-heading-title elementor-size-default\">6. Check-in e Check-out<\/p>\t\t\t\t<\/div>\n\t\t\t\t<div class=\"elementor-element elementor-element-779306a elementor-widget elementor-widget-text-editor\" data-id=\"779306a\" data-element_type=\"widget\" data-e-type=\"widget\" data-widget_type=\"text-editor.default\">\n\t\t\t\t\t\t\t\t\t<p><strong>Check-in<\/strong> &#8211; A partir das 15h00.<br \/><strong>Check-out<\/strong> &#8211; At\u00e9 \u00e0s 11h00.<br \/>Pedidos de entrada antecipada ou sa\u00edda tardia dependem de disponibilidade e poder\u00e3o estar sujeitos a custos adicionais.<\/p>\t\t\t\t\t\t\t\t<\/div>\n\t\t\t\t\t<\/div>\n\t\t<\/div>\n\t\t\t\t\t<\/div>\n\t\t<\/section>\n\t\t\t\t<section class=\"elementor-section elementor-inner-section elementor-element elementor-element-0f69e74 elementor-section-boxed elementor-section-height-default elementor-section-height-default\" data-id=\"0f69e74\" data-element_type=\"section\" data-e-type=\"section\">\n\t\t\t\t\t\t<div class=\"elementor-container elementor-column-gap-default\">\n\t\t\t\t\t<div class=\"elementor-column elementor-col-100 elementor-inner-column elementor-element elementor-element-abaf43e\" data-id=\"abaf43e\" data-element_type=\"column\" data-e-type=\"column\">\n\t\t\t<div class=\"elementor-widget-wrap elementor-element-populated\">\n\t\t\t\t\t\t<div class=\"elementor-element elementor-element-f7c86d7 elementor-widget elementor-widget-heading\" data-id=\"f7c86d7\" data-element_type=\"widget\" data-e-type=\"widget\" data-widget_type=\"heading.default\">\n\t\t\t\t\t<p class=\"elementor-heading-title elementor-size-default\">7. Pequeno-Almo\u00e7o<\/p>\t\t\t\t<\/div>\n\t\t\t\t<div class=\"elementor-element elementor-element-dabb651 elementor-widget elementor-widget-text-editor\" data-id=\"dabb651\" data-element_type=\"widget\" data-e-type=\"widget\" data-widget_type=\"text-editor.default\">\n\t\t\t\t\t\t\t\t\t<p>O pequeno-almo\u00e7o est\u00e1 inclu\u00eddo na estadia, salvo indica\u00e7\u00e3o em contr\u00e1rio na reserva efetuada. O servi\u00e7o \u00e9 disponibilizado em regime de buffet e servido diariamente entre as 08h30 e as 10h00. Por raz\u00f5es de seguran\u00e7a alimentar e organiza\u00e7\u00e3o do servi\u00e7o, os alimentos n\u00e3o dever\u00e3o ser retirados da \u00e1rea destinada ao pequeno-almo\u00e7o, salvo autoriza\u00e7\u00e3o expressa da ger\u00eancia.<\/p>\t\t\t\t\t\t\t\t<\/div>\n\t\t\t\t\t<\/div>\n\t\t<\/div>\n\t\t\t\t\t<\/div>\n\t\t<\/section>\n\t\t\t\t<section class=\"elementor-section elementor-inner-section elementor-element elementor-element-993610f elementor-section-boxed elementor-section-height-default elementor-section-height-default\" data-id=\"993610f\" data-element_type=\"section\" data-e-type=\"section\">\n\t\t\t\t\t\t<div class=\"elementor-container elementor-column-gap-default\">\n\t\t\t\t\t<div class=\"elementor-column elementor-col-100 elementor-inner-column elementor-element elementor-element-3913657\" data-id=\"3913657\" data-element_type=\"column\" data-e-type=\"column\">\n\t\t\t<div class=\"elementor-widget-wrap elementor-element-populated\">\n\t\t\t\t\t\t<div class=\"elementor-element elementor-element-94bc6fd elementor-widget elementor-widget-heading\" data-id=\"94bc6fd\" data-element_type=\"widget\" data-e-type=\"widget\" data-widget_type=\"heading.default\">\n\t\t\t\t\t<p class=\"elementor-heading-title elementor-size-default\">8. Estacionamento<\/p>\t\t\t\t<\/div>\n\t\t\t\t<div class=\"elementor-element elementor-element-fbf636c elementor-widget elementor-widget-text-editor\" data-id=\"fbf636c\" data-element_type=\"widget\" data-e-type=\"widget\" data-widget_type=\"text-editor.default\">\n\t\t\t\t\t\t\t\t\t<p>A unidade disponibiliza estacionamento gratuito para os h\u00f3spedes durante o per\u00edodo da sua estadia, sujeito \u00e0 disponibilidade existente. O estacionamento \u00e9 utilizado por conta e risco dos propriet\u00e1rios dos ve\u00edculos. A ger\u00eancia n\u00e3o se responsabiliza por furtos, danos, acidentes, atos de vandalismo ou quaisquer preju\u00edzos ocorridos nos ve\u00edculos ou nos bens deixados no seu interior.<\/p>\t\t\t\t\t\t\t\t<\/div>\n\t\t\t\t\t<\/div>\n\t\t<\/div>\n\t\t\t\t\t<\/div>\n\t\t<\/section>\n\t\t\t\t<section class=\"elementor-section elementor-inner-section elementor-element elementor-element-db1c7ba elementor-section-boxed elementor-section-height-default elementor-section-height-default\" data-id=\"db1c7ba\" data-element_type=\"section\" data-e-type=\"section\">\n\t\t\t\t\t\t<div class=\"elementor-container elementor-column-gap-default\">\n\t\t\t\t\t<div class=\"elementor-column elementor-col-100 elementor-inner-column elementor-element elementor-element-7522365\" data-id=\"7522365\" data-element_type=\"column\" data-e-type=\"column\">\n\t\t\t<div class=\"elementor-widget-wrap elementor-element-populated\">\n\t\t\t\t\t\t<div class=\"elementor-element elementor-element-4d0e285 elementor-widget elementor-widget-heading\" data-id=\"4d0e285\" data-element_type=\"widget\" data-e-type=\"widget\" data-widget_type=\"heading.default\">\n\t\t\t\t\t<p class=\"elementor-heading-title elementor-size-default\">9. Utiliza\u00e7\u00e3o da Cozinha e Kitchenette<\/p>\t\t\t\t<\/div>\n\t\t\t\t<div class=\"elementor-element elementor-element-8579635 elementor-widget elementor-widget-text-editor\" data-id=\"8579635\" data-element_type=\"widget\" data-e-type=\"widget\" data-widget_type=\"text-editor.default\">\n\t\t\t\t\t\t\t\t\tA cozinha e a kitchenette disponibilizadas aos h\u00f3spedes destinam-se exclusivamente \u00e0 prepara\u00e7\u00e3o e consumo de refei\u00e7\u00f5es para uso pr\u00f3prio durante a estadia.\nOs utilizadores comprometem-se a utilizar os equipamentos, utens\u00edlios e eletrodom\u00e9sticos de forma adequada, segura e de acordo com as respetivas instru\u00e7\u00f5es de utiliza\u00e7\u00e3o.\nAp\u00f3s a utiliza\u00e7\u00e3o, a cozinha e a kitchenette dever\u00e3o ser deixadas em condi\u00e7\u00f5es razo\u00e1veis de limpeza e higiene, incluindo a lavagem da loi\u00e7a utilizada, a limpeza das superf\u00edcies de trabalho e a correta deposi\u00e7\u00e3o dos res\u00edduos nos recipientes apropriados. \u00c9 proibido:\n<ul>\n \t<li>Danificar equipamentos, utens\u00edlios ou mobili\u00e1rio;<\/li>\n \t<li>Utilizar equipamentos para fins diferentes dos previstos;<\/li>\n \t<li>Deixar equipamentos ligados sem necessidade ou sem vigil\u00e2ncia quando tal represente risco para a seguran\u00e7a;<\/li>\n \t<li>Armazenar subst\u00e2ncias perigosas ou inflam\u00e1veis.<\/li>\n<\/ul><br>\nQuaisquer danos causados por utiliza\u00e7\u00e3o indevida ou a necessidade de limpeza extraordin\u00e1ria poder\u00e3o dar origem \u00e0 cobran\u00e7a dos respetivos custos ao titular da reserva. A unidade n\u00e3o se responsabiliza por acidentes resultantes da utiliza\u00e7\u00e3o inadequada dos equipamentos colocados \u00e0 disposi\u00e7\u00e3o dos h\u00f3spedes.\t\t\t\t\t\t\t\t<\/div>\n\t\t\t\t\t<\/div>\n\t\t<\/div>\n\t\t\t\t\t<\/div>\n\t\t<\/section>\n\t\t\t\t<section class=\"elementor-section elementor-inner-section elementor-element elementor-element-b866838 elementor-section-boxed elementor-section-height-default elementor-section-height-default\" data-id=\"b866838\" data-element_type=\"section\" data-e-type=\"section\">\n\t\t\t\t\t\t<div class=\"elementor-container elementor-column-gap-default\">\n\t\t\t\t\t<div class=\"elementor-column elementor-col-100 elementor-inner-column elementor-element elementor-element-9307f33\" data-id=\"9307f33\" data-element_type=\"column\" data-e-type=\"column\">\n\t\t\t<div class=\"elementor-widget-wrap elementor-element-populated\">\n\t\t\t\t\t\t<div class=\"elementor-element elementor-element-6dd962e elementor-widget elementor-widget-heading\" data-id=\"6dd962e\" data-element_type=\"widget\" data-e-type=\"widget\" data-widget_type=\"heading.default\">\n\t\t\t\t\t<p class=\"elementor-heading-title elementor-size-default\">10. Piscina<\/p>\t\t\t\t<\/div>\n\t\t\t\t<div class=\"elementor-element elementor-element-61ba4f2 elementor-widget elementor-widget-text-editor\" data-id=\"61ba4f2\" data-element_type=\"widget\" data-e-type=\"widget\" data-widget_type=\"text-editor.default\">\n\t\t\t\t\t\t\t\t\t<p>A piscina encontra-se dispon\u00edvel para utiliza\u00e7\u00e3o dos h\u00f3spedes entre as 08h00 e as 23h00. A utiliza\u00e7\u00e3o da piscina \u00e9 da exclusiva responsabilidade dos utilizadores. As crian\u00e7as dever\u00e3o estar sempre acompanhadas e sob vigil\u00e2ncia de um adulto respons\u00e1vel.<\/p><p>\u00c9 proibido:<\/p><ul><li>Correr na \u00e1rea envolvente \u00e0 piscina;<\/li><li>Mergulhar de forma perigosa ou realizar comportamentos suscet\u00edveis de causar acidentes;<\/li><li>Utilizar recipientes de vidro na zona da piscina;<\/li><li>Qualquer comportamento que coloque em risco a seguran\u00e7a dos utilizadores.<\/li><\/ul><p><br \/>A ger\u00eancia reserva-se o direito de interditar a utiliza\u00e7\u00e3o da piscina sempre que tal se revele necess\u00e1rio por raz\u00f5es de seguran\u00e7a, manuten\u00e7\u00e3o ou condi\u00e7\u00f5es meteorol\u00f3gicas<\/p>\t\t\t\t\t\t\t\t<\/div>\n\t\t\t\t\t<\/div>\n\t\t<\/div>\n\t\t\t\t\t<\/div>\n\t\t<\/section>\n\t\t\t\t<section class=\"elementor-section elementor-inner-section elementor-element elementor-element-e26c9c5 elementor-section-boxed elementor-section-height-default elementor-section-height-default\" data-id=\"e26c9c5\" data-element_type=\"section\" data-e-type=\"section\">\n\t\t\t\t\t\t<div class=\"elementor-container elementor-column-gap-default\">\n\t\t\t\t\t<div class=\"elementor-column elementor-col-100 elementor-inner-column elementor-element elementor-element-a91d8fc\" data-id=\"a91d8fc\" data-element_type=\"column\" data-e-type=\"column\">\n\t\t\t<div class=\"elementor-widget-wrap elementor-element-populated\">\n\t\t\t\t\t\t<div class=\"elementor-element elementor-element-087901e elementor-widget elementor-widget-heading\" data-id=\"087901e\" data-element_type=\"widget\" data-e-type=\"widget\" data-widget_type=\"heading.default\">\n\t\t\t\t\t<p class=\"elementor-heading-title elementor-size-default\">10.1. Utiliza\u00e7\u00e3o de Toalhas na Piscina<\/p>\t\t\t\t<\/div>\n\t\t\t\t<div class=\"elementor-element elementor-element-92cf000 elementor-widget elementor-widget-text-editor\" data-id=\"92cf000\" data-element_type=\"widget\" data-e-type=\"widget\" data-widget_type=\"text-editor.default\">\n\t\t\t\t\t\t\t\t\t<p>N\u00e3o \u00e9 permitida a utiliza\u00e7\u00e3o das toalhas de banho disponibilizadas nos quartos na piscina ou nos espa\u00e7os exteriores. Caso seja verificada a utiliza\u00e7\u00e3o indevida das toalhas de banho nestas \u00e1reas, ser\u00e1 cobrado ao h\u00f3spede o valor correspondente \u00e0 substitui\u00e7\u00e3o da toalha. Para maior comodidade, disponibilizamos toalhas de piscina mediante um custo adicional de 4,00 \u20ac por toalha. Estas toalhas destinam-se exclusivamente \u00e0 utiliza\u00e7\u00e3o durante a estadia e dever\u00e3o ser devolvidas no momento do check-out.<\/p>\t\t\t\t\t\t\t\t<\/div>\n\t\t\t\t\t<\/div>\n\t\t<\/div>\n\t\t\t\t\t<\/div>\n\t\t<\/section>\n\t\t\t\t<section class=\"elementor-section elementor-inner-section elementor-element elementor-element-8f69175 elementor-section-boxed elementor-section-height-default elementor-section-height-default\" data-id=\"8f69175\" data-element_type=\"section\" data-e-type=\"section\">\n\t\t\t\t\t\t<div class=\"elementor-container elementor-column-gap-default\">\n\t\t\t\t\t<div class=\"elementor-column elementor-col-100 elementor-inner-column elementor-element elementor-element-ea0e51b\" data-id=\"ea0e51b\" data-element_type=\"column\" data-e-type=\"column\">\n\t\t\t<div class=\"elementor-widget-wrap elementor-element-populated\">\n\t\t\t\t\t\t<div class=\"elementor-element elementor-element-8bd1f59 elementor-widget elementor-widget-heading\" data-id=\"8bd1f59\" data-element_type=\"widget\" data-e-type=\"widget\" data-widget_type=\"heading.default\">\n\t\t\t\t\t<p class=\"elementor-heading-title elementor-size-default\">11. Espa\u00e7os Exteriores<\/p>\t\t\t\t<\/div>\n\t\t\t\t<div class=\"elementor-element elementor-element-8115e43 elementor-widget elementor-widget-text-editor\" data-id=\"8115e43\" data-element_type=\"widget\" data-e-type=\"widget\" data-widget_type=\"text-editor.default\">\n\t\t\t\t\t\t\t\t\tOs jardins, \u00e1reas de lazer, caminhos, equipamentos e restantes espa\u00e7os exteriores encontram-se \u00e0 disposi\u00e7\u00e3o dos h\u00f3spedes para usufruto durante a estadia. Os h\u00f3spedes comprometem-se a utilizar estes espa\u00e7os com cuidado e respeito, preservando a vegeta\u00e7\u00e3o, mobili\u00e1rio, equipamentos e demais elementos existentes. Qualquer dano causado por utiliza\u00e7\u00e3o indevida poder\u00e1 ser imputado ao respons\u00e1vel pela reserva.\t\t\t\t\t\t\t\t<\/div>\n\t\t\t\t\t<\/div>\n\t\t<\/div>\n\t\t\t\t\t<\/div>\n\t\t<\/section>\n\t\t\t\t<section class=\"elementor-section elementor-inner-section elementor-element elementor-element-c2d0d54 elementor-section-boxed elementor-section-height-default elementor-section-height-default\" data-id=\"c2d0d54\" data-element_type=\"section\" data-e-type=\"section\">\n\t\t\t\t\t\t<div class=\"elementor-container elementor-column-gap-default\">\n\t\t\t\t\t<div class=\"elementor-column elementor-col-100 elementor-inner-column elementor-element elementor-element-eace34f\" data-id=\"eace34f\" data-element_type=\"column\" data-e-type=\"column\">\n\t\t\t<div class=\"elementor-widget-wrap elementor-element-populated\">\n\t\t\t\t\t\t<div class=\"elementor-element elementor-element-44e017b elementor-widget elementor-widget-heading\" data-id=\"44e017b\" data-element_type=\"widget\" data-e-type=\"widget\" data-widget_type=\"heading.default\">\n\t\t\t\t\t<p class=\"elementor-heading-title elementor-size-default\">12. Cavalari\u00e7as e \u00c1rea dos Animais<\/p>\t\t\t\t<\/div>\n\t\t\t\t<div class=\"elementor-element elementor-element-605ca9d elementor-widget elementor-widget-text-editor\" data-id=\"605ca9d\" data-element_type=\"widget\" data-e-type=\"widget\" data-widget_type=\"text-editor.default\">\n\t\t\t\t\t\t\t\t\t<p>A propriedade disp\u00f5e de cavalari\u00e7as e \u00e1reas destinadas ao alojamento e cuidado dos animais. Estas \u00e1reas podem ser visitadas diariamente entre as 09h00 e as 17h00. Por raz\u00f5es de seguran\u00e7a, bem-estar animal e cumprimento das normas sanit\u00e1rias, \u00e9 expressamente proibido:<\/p><ul><li>Alimentar os animais;<\/li><li>Entrar em boxes, cercados ou \u00e1reas reservadas sem autoriza\u00e7\u00e3o;<\/li><li>Assustar, provocar ou interferir com os animais;<\/li><li>Utilizar equipamentos ou materiais pertencentes \u00e0s cavalari\u00e7as sem autoriza\u00e7\u00e3o.<\/li><\/ul><p><br \/>As crian\u00e7as dever\u00e3o permanecer sempre acompanhadas por um adulto durante a visita \u00e0s cavalari\u00e7as. A ger\u00eancia reserva-se o direito de limitar ou suspender o acesso a estas \u00e1reas sempre que as condi\u00e7\u00f5es de seguran\u00e7a ou de bem-estar animal o justifiquem.<\/p>\t\t\t\t\t\t\t\t<\/div>\n\t\t\t\t\t<\/div>\n\t\t<\/div>\n\t\t\t\t\t<\/div>\n\t\t<\/section>\n\t\t\t\t<section class=\"elementor-section elementor-inner-section elementor-element elementor-element-f4e90f7 elementor-section-boxed elementor-section-height-default elementor-section-height-default\" data-id=\"f4e90f7\" data-element_type=\"section\" data-e-type=\"section\">\n\t\t\t\t\t\t<div class=\"elementor-container elementor-column-gap-default\">\n\t\t\t\t\t<div class=\"elementor-column elementor-col-100 elementor-inner-column elementor-element elementor-element-50a7b72\" data-id=\"50a7b72\" data-element_type=\"column\" data-e-type=\"column\">\n\t\t\t<div class=\"elementor-widget-wrap elementor-element-populated\">\n\t\t\t\t\t\t<div class=\"elementor-element elementor-element-3826074 elementor-widget elementor-widget-heading\" data-id=\"3826074\" data-element_type=\"widget\" data-e-type=\"widget\" data-widget_type=\"heading.default\">\n\t\t\t\t\t<p class=\"elementor-heading-title elementor-size-default\">13. Crian\u00e7as e Menores<\/p>\t\t\t\t<\/div>\n\t\t\t\t<div class=\"elementor-element elementor-element-1053794 elementor-widget elementor-widget-text-editor\" data-id=\"1053794\" data-element_type=\"widget\" data-e-type=\"widget\" data-widget_type=\"text-editor.default\">\n\t\t\t\t\t\t\t\t\t<p>As crian\u00e7as s\u00e3o bem-vindas e dever\u00e3o permanecer sob supervis\u00e3o permanente dos pais, representantes legais ou adultos respons\u00e1veis. A unidade n\u00e3o poder\u00e1 ser responsabilizada por acidentes resultantes da falta de vigil\u00e2ncia adequada de menores. Os pais ou respons\u00e1veis assumem total responsabilidade pela seguran\u00e7a e comportamento das crian\u00e7as durante a estadia, incluindo a utiliza\u00e7\u00e3o da piscina, espa\u00e7os exteriores, \u00e1reas de circula\u00e7\u00e3o e zona das cavalari\u00e7as.<\/p>\t\t\t\t\t\t\t\t<\/div>\n\t\t\t\t\t<\/div>\n\t\t<\/div>\n\t\t\t\t\t<\/div>\n\t\t<\/section>\n\t\t\t\t<section class=\"elementor-section elementor-inner-section elementor-element elementor-element-84ea7b2 elementor-section-boxed elementor-section-height-default elementor-section-height-default\" data-id=\"84ea7b2\" data-element_type=\"section\" data-e-type=\"section\">\n\t\t\t\t\t\t<div class=\"elementor-container elementor-column-gap-default\">\n\t\t\t\t\t<div class=\"elementor-column elementor-col-100 elementor-inner-column elementor-element elementor-element-e80aa57\" data-id=\"e80aa57\" data-element_type=\"column\" data-e-type=\"column\">\n\t\t\t<div class=\"elementor-widget-wrap elementor-element-populated\">\n\t\t\t\t\t\t<div class=\"elementor-element elementor-element-6c8d500 elementor-widget elementor-widget-heading\" data-id=\"6c8d500\" data-element_type=\"widget\" data-e-type=\"widget\" data-widget_type=\"heading.default\">\n\t\t\t\t\t<p class=\"elementor-heading-title elementor-size-default\">14. Animais de Estima\u00e7\u00e3o<\/p>\t\t\t\t<\/div>\n\t\t\t\t<div class=\"elementor-element elementor-element-6fc8ff9 elementor-widget elementor-widget-text-editor\" data-id=\"6fc8ff9\" data-element_type=\"widget\" data-e-type=\"widget\" data-widget_type=\"text-editor.default\">\n\t\t\t\t\t\t\t\t\tN\u00e3o s\u00e3o permitidos animais de estima\u00e7\u00e3o nas instala\u00e7\u00f5es.\n\t\t\t\t\t\t\t\t<\/div>\n\t\t\t\t\t<\/div>\n\t\t<\/div>\n\t\t\t\t\t<\/div>\n\t\t<\/section>\n\t\t\t\t<section class=\"elementor-section elementor-inner-section elementor-element elementor-element-33d865d elementor-section-boxed elementor-section-height-default elementor-section-height-default\" data-id=\"33d865d\" data-element_type=\"section\" data-e-type=\"section\">\n\t\t\t\t\t\t<div class=\"elementor-container elementor-column-gap-default\">\n\t\t\t\t\t<div class=\"elementor-column elementor-col-100 elementor-inner-column elementor-element elementor-element-fc3b844\" data-id=\"fc3b844\" data-element_type=\"column\" data-e-type=\"column\">\n\t\t\t<div class=\"elementor-widget-wrap elementor-element-populated\">\n\t\t\t\t\t\t<div class=\"elementor-element elementor-element-52894ce elementor-widget elementor-widget-heading\" data-id=\"52894ce\" data-element_type=\"widget\" data-e-type=\"widget\" data-widget_type=\"heading.default\">\n\t\t\t\t\t<p class=\"elementor-heading-title elementor-size-default\">15. Sil\u00eancio e Conviv\u00eancia<\/p>\t\t\t\t<\/div>\n\t\t\t\t<div class=\"elementor-element elementor-element-d5cfe6f elementor-widget elementor-widget-text-editor\" data-id=\"d5cfe6f\" data-element_type=\"widget\" data-e-type=\"widget\" data-widget_type=\"text-editor.default\">\n\t\t\t\t\t\t\t\t\t<p>De forma a garantir o conforto de todos os h\u00f3spedes e da comunidade envolvente, dever\u00e1 ser mantido um comportamento respeitador e adequado. Solicita-se especial aten\u00e7\u00e3o \u00e0 redu\u00e7\u00e3o de ru\u00eddo durante o per\u00edodo noturno. N\u00e3o s\u00e3o permitidas festas, eventos ou atividades suscet\u00edveis de causar perturba\u00e7\u00e3o sem autoriza\u00e7\u00e3o pr\u00e9via da ger\u00eancia<\/p>\t\t\t\t\t\t\t\t<\/div>\n\t\t\t\t\t<\/div>\n\t\t<\/div>\n\t\t\t\t\t<\/div>\n\t\t<\/section>\n\t\t\t\t<section class=\"elementor-section elementor-inner-section elementor-element elementor-element-26f8a20 elementor-section-boxed elementor-section-height-default elementor-section-height-default\" data-id=\"26f8a20\" data-element_type=\"section\" data-e-type=\"section\">\n\t\t\t\t\t\t<div class=\"elementor-container elementor-column-gap-default\">\n\t\t\t\t\t<div class=\"elementor-column elementor-col-100 elementor-inner-column elementor-element elementor-element-37c4ce2\" data-id=\"37c4ce2\" data-element_type=\"column\" data-e-type=\"column\">\n\t\t\t<div class=\"elementor-widget-wrap elementor-element-populated\">\n\t\t\t\t\t\t<div class=\"elementor-element elementor-element-c90f217 elementor-widget elementor-widget-heading\" data-id=\"c90f217\" data-element_type=\"widget\" data-e-type=\"widget\" data-widget_type=\"heading.default\">\n\t\t\t\t\t<p class=\"elementor-heading-title elementor-size-default\">16. Proibi\u00e7\u00e3o de Fumar<\/p>\t\t\t\t<\/div>\n\t\t\t\t<div class=\"elementor-element elementor-element-6e24ddc elementor-widget elementor-widget-text-editor\" data-id=\"6e24ddc\" data-element_type=\"widget\" data-e-type=\"widget\" data-widget_type=\"text-editor.default\">\n\t\t\t\t\t\t\t\t\t<p>\u00c9 proibido fumar no interior dos quartos, suites, apartamento e restantes espa\u00e7os interiores.<br \/>O incumprimento desta regra poder\u00e1 originar a cobran\u00e7a de custos adicionais de limpeza e higieniza\u00e7\u00e3o.<\/p>\t\t\t\t\t\t\t\t<\/div>\n\t\t\t\t\t<\/div>\n\t\t<\/div>\n\t\t\t\t\t<\/div>\n\t\t<\/section>\n\t\t\t\t<section class=\"elementor-section elementor-inner-section elementor-element elementor-element-3d364c8 elementor-section-boxed elementor-section-height-default elementor-section-height-default\" data-id=\"3d364c8\" data-element_type=\"section\" data-e-type=\"section\">\n\t\t\t\t\t\t<div class=\"elementor-container elementor-column-gap-default\">\n\t\t\t\t\t<div class=\"elementor-column elementor-col-100 elementor-inner-column elementor-element elementor-element-a65943f\" data-id=\"a65943f\" data-element_type=\"column\" data-e-type=\"column\">\n\t\t\t<div class=\"elementor-widget-wrap elementor-element-populated\">\n\t\t\t\t\t\t<div class=\"elementor-element elementor-element-ef75375 elementor-widget elementor-widget-heading\" data-id=\"ef75375\" data-element_type=\"widget\" data-e-type=\"widget\" data-widget_type=\"heading.default\">\n\t\t\t\t\t<p class=\"elementor-heading-title elementor-size-default\">17. Seguran\u00e7a e Preven\u00e7\u00e3o de Inc\u00eandios<\/p>\t\t\t\t<\/div>\n\t\t\t\t<div class=\"elementor-element elementor-element-e54d9cc elementor-widget elementor-widget-text-editor\" data-id=\"e54d9cc\" data-element_type=\"widget\" data-e-type=\"widget\" data-widget_type=\"text-editor.default\">\n\t\t\t\t\t\t\t\t\tPor raz\u00f5es de seguran\u00e7a e prote\u00e7\u00e3o da propriedade, dos h\u00f3spedes, dos animais e da envolvente rural, \u00e9 expressamente proibido:\n<ul>\n \t<li>Acender fogueiras ou queimadas;<\/li>\n \t<li>Utilizar churrasqueiras, fogareiros ou equipamentos similares sem autoriza\u00e7\u00e3o pr\u00e9via da ger\u00eancia;<\/li>\n \t<li>Lan\u00e7ar foguetes, fogo de artif\u00edcio, lanternas voadoras ou quaisquer dispositivos pirot\u00e9cnicos;<\/li>\n \t<li>Realizar atividades suscet\u00edveis de provocar inc\u00eandios ou colocar em risco pessoas, animais ou bens.<\/li>\n<\/ul><br>\nQualquer incumprimento poder\u00e1 determinar a imediata interrup\u00e7\u00e3o da estadia e a comunica\u00e7\u00e3o \u00e0s autoridades competentes, sem preju\u00edzo da responsabilidade civil ou criminal aplic\u00e1vel.\t\t\t\t\t\t\t\t<\/div>\n\t\t\t\t\t<\/div>\n\t\t<\/div>\n\t\t\t\t\t<\/div>\n\t\t<\/section>\n\t\t\t\t<section class=\"elementor-section elementor-inner-section elementor-element elementor-element-1eaa9ad elementor-section-boxed elementor-section-height-default elementor-section-height-default\" data-id=\"1eaa9ad\" data-element_type=\"section\" data-e-type=\"section\">\n\t\t\t\t\t\t<div class=\"elementor-container elementor-column-gap-default\">\n\t\t\t\t\t<div class=\"elementor-column elementor-col-100 elementor-inner-column elementor-element elementor-element-cc7daca\" data-id=\"cc7daca\" data-element_type=\"column\" data-e-type=\"column\">\n\t\t\t<div class=\"elementor-widget-wrap elementor-element-populated\">\n\t\t\t\t\t\t<div class=\"elementor-element elementor-element-221684e elementor-widget elementor-widget-heading\" data-id=\"221684e\" data-element_type=\"widget\" data-e-type=\"widget\" data-widget_type=\"heading.default\">\n\t\t\t\t\t<p class=\"elementor-heading-title elementor-size-default\">18. Danos, Limpeza Extraordin\u00e1ria e Responsabilidade<\/p>\t\t\t\t<\/div>\n\t\t\t\t<div class=\"elementor-element elementor-element-f1c4cb5 elementor-widget elementor-widget-text-editor\" data-id=\"f1c4cb5\" data-element_type=\"widget\" data-e-type=\"widget\" data-widget_type=\"text-editor.default\">\n\t\t\t\t\t\t\t\t\t<p>Os h\u00f3spedes comprometem-se a utilizar as instala\u00e7\u00f5es, equipamentos, mobili\u00e1rio e espa\u00e7os exteriores de forma prudente e respons\u00e1vel. Quaisquer danos causados por a\u00e7\u00e3o ou omiss\u00e3o dos h\u00f3spedes ser\u00e3o da responsabilidade do titular da reserva, podendo ser cobrados os respetivos custos de repara\u00e7\u00e3o, substitui\u00e7\u00e3o ou reposi\u00e7\u00e3o. A unidade reserva-se igualmente o direito de cobrar custos adicionais decorrentes de limpezas extraordin\u00e1rias que ultrapassem os padr\u00f5es normais de utiliza\u00e7\u00e3o, incluindo, entre outros, situa\u00e7\u00f5es de sujidade excessiva, remo\u00e7\u00e3o de odores, res\u00edduos anormais ou incumprimento das regras de utiliza\u00e7\u00e3o das instala\u00e7\u00f5es.<\/p>\t\t\t\t\t\t\t\t<\/div>\n\t\t\t\t\t<\/div>\n\t\t<\/div>\n\t\t\t\t\t<\/div>\n\t\t<\/section>\n\t\t\t\t<section class=\"elementor-section elementor-inner-section elementor-element elementor-element-178a0d5 elementor-section-boxed elementor-section-height-default elementor-section-height-default\" data-id=\"178a0d5\" data-element_type=\"section\" data-e-type=\"section\">\n\t\t\t\t\t\t<div class=\"elementor-container elementor-column-gap-default\">\n\t\t\t\t\t<div class=\"elementor-column elementor-col-100 elementor-inner-column elementor-element elementor-element-6aa5427\" data-id=\"6aa5427\" data-element_type=\"column\" data-e-type=\"column\">\n\t\t\t<div class=\"elementor-widget-wrap elementor-element-populated\">\n\t\t\t\t\t\t<div class=\"elementor-element elementor-element-d5d4dcf elementor-widget elementor-widget-heading\" data-id=\"d5d4dcf\" data-element_type=\"widget\" data-e-type=\"widget\" data-widget_type=\"heading.default\">\n\t\t\t\t\t<p class=\"elementor-heading-title elementor-size-default\">19. Objetos Esquecidos<\/p>\t\t\t\t<\/div>\n\t\t\t\t<div class=\"elementor-element elementor-element-b301fa7 elementor-widget elementor-widget-text-editor\" data-id=\"b301fa7\" data-element_type=\"widget\" data-e-type=\"widget\" data-widget_type=\"text-editor.default\">\n\t\t\t\t\t\t\t\t\t<p>Os objetos encontrados ap\u00f3s o check-out ser\u00e3o guardados pela unidade por um per\u00edodo m\u00e1ximo de 30 dias. Caso o h\u00f3spede solicite a devolu\u00e7\u00e3o dos mesmos, os respetivos custos de embalagem e envio ser\u00e3o integralmente suportados pelo destinat\u00e1rio. Findo o prazo referido, a unidade poder\u00e1 dar aos objetos o destino que considere adequado, n\u00e3o podendo ser responsabilizada pela sua conserva\u00e7\u00e3o ou devolu\u00e7\u00e3o.<\/p>\t\t\t\t\t\t\t\t<\/div>\n\t\t\t\t\t<\/div>\n\t\t<\/div>\n\t\t\t\t\t<\/div>\n\t\t<\/section>\n\t\t\t\t<section class=\"elementor-section elementor-inner-section elementor-element elementor-element-34ded3d elementor-section-boxed elementor-section-height-default elementor-section-height-default\" data-id=\"34ded3d\" data-element_type=\"section\" data-e-type=\"section\">\n\t\t\t\t\t\t<div class=\"elementor-container elementor-column-gap-default\">\n\t\t\t\t\t<div class=\"elementor-column elementor-col-100 elementor-inner-column elementor-element elementor-element-050d086\" data-id=\"050d086\" data-element_type=\"column\" data-e-type=\"column\">\n\t\t\t<div class=\"elementor-widget-wrap elementor-element-populated\">\n\t\t\t\t\t\t<div class=\"elementor-element elementor-element-f77365a elementor-widget elementor-widget-heading\" data-id=\"f77365a\" data-element_type=\"widget\" data-e-type=\"widget\" data-widget_type=\"heading.default\">\n\t\t\t\t\t<p class=\"elementor-heading-title elementor-size-default\">20. Responsabilidade pelos Bens Pessoais<\/p>\t\t\t\t<\/div>\n\t\t\t\t<div class=\"elementor-element elementor-element-cd02306 elementor-widget elementor-widget-text-editor\" data-id=\"cd02306\" data-element_type=\"widget\" data-e-type=\"widget\" data-widget_type=\"text-editor.default\">\n\t\t\t\t\t\t\t\t\t<p>A unidade n\u00e3o se responsabiliza por perdas, furtos ou danos em objetos pessoais dos h\u00f3spedes, salvo nos casos expressamente previstos na legisla\u00e7\u00e3o aplic\u00e1vel.<\/p>\t\t\t\t\t\t\t\t<\/div>\n\t\t\t\t\t<\/div>\n\t\t<\/div>\n\t\t\t\t\t<\/div>\n\t\t<\/section>\n\t\t\t\t<section class=\"elementor-section elementor-inner-section elementor-element elementor-element-093bdf0 elementor-section-boxed elementor-section-height-default elementor-section-height-default\" data-id=\"093bdf0\" data-element_type=\"section\" data-e-type=\"section\">\n\t\t\t\t\t\t<div class=\"elementor-container elementor-column-gap-default\">\n\t\t\t\t\t<div class=\"elementor-column elementor-col-100 elementor-inner-column elementor-element elementor-element-6e44e10\" data-id=\"6e44e10\" data-element_type=\"column\" data-e-type=\"column\">\n\t\t\t<div class=\"elementor-widget-wrap elementor-element-populated\">\n\t\t\t\t\t\t<div class=\"elementor-element elementor-element-6d68f01 elementor-widget elementor-widget-heading\" data-id=\"6d68f01\" data-element_type=\"widget\" data-e-type=\"widget\" data-widget_type=\"heading.default\">\n\t\t\t\t\t<p class=\"elementor-heading-title elementor-size-default\">21. Direito de Recusa ou Interrup\u00e7\u00e3o da Estadia<\/p>\t\t\t\t<\/div>\n\t\t\t\t<div class=\"elementor-element elementor-element-3f38498 elementor-widget elementor-widget-text-editor\" data-id=\"3f38498\" data-element_type=\"widget\" data-e-type=\"widget\" data-widget_type=\"text-editor.default\">\n\t\t\t\t\t\t\t\t\tA ger\u00eancia reserva-se o direito de recusar a admiss\u00e3o ou determinar a interrup\u00e7\u00e3o imediata da estadia de qualquer h\u00f3spede que:\n<ul>\n \t<li>Adote comportamentos agressivos, ofensivos ou perturbadores;<\/li>\n \t<li>Coloque em risco a seguran\u00e7a de pessoas, animais ou bens;<\/li>\n \t<li>Cause danos nas instala\u00e7\u00f5es;<\/li>\n \t<li>Desrespeite de forma grave ou reiterada as presentes Condi\u00e7\u00f5es Gerais;<\/li>\n \t<li>Desenvolva atividades il\u00edcitas na propriedade.<\/li>\n<\/ul><br>\nNestes casos, a interrup\u00e7\u00e3o da estadia n\u00e3o confere direito a qualquer reembolso dos valores pagos.\t\t\t\t\t\t\t\t<\/div>\n\t\t\t\t\t<\/div>\n\t\t<\/div>\n\t\t\t\t\t<\/div>\n\t\t<\/section>\n\t\t\t\t<section class=\"elementor-section elementor-inner-section elementor-element elementor-element-855ada4 elementor-section-boxed elementor-section-height-default elementor-section-height-default\" data-id=\"855ada4\" data-element_type=\"section\" data-e-type=\"section\">\n\t\t\t\t\t\t<div class=\"elementor-container elementor-column-gap-default\">\n\t\t\t\t\t<div class=\"elementor-column elementor-col-100 elementor-inner-column elementor-element elementor-element-0d6a7d3\" data-id=\"0d6a7d3\" data-element_type=\"column\" data-e-type=\"column\">\n\t\t\t<div class=\"elementor-widget-wrap elementor-element-populated\">\n\t\t\t\t\t\t<div class=\"elementor-element elementor-element-312ea2e elementor-widget elementor-widget-heading\" data-id=\"312ea2e\" data-element_type=\"widget\" data-e-type=\"widget\" data-widget_type=\"heading.default\">\n\t\t\t\t\t<p class=\"elementor-heading-title elementor-size-default\">22. Sustentabilidade e Utiliza\u00e7\u00e3o Respons\u00e1vel dos Recursos<\/p>\t\t\t\t<\/div>\n\t\t\t\t<div class=\"elementor-element elementor-element-647bbc8 elementor-widget elementor-widget-text-editor\" data-id=\"647bbc8\" data-element_type=\"widget\" data-e-type=\"widget\" data-widget_type=\"text-editor.default\">\n\t\t\t\t\t\t\t\t\tSendo a unidade integrada num ambiente rural, solicita-se a todos os h\u00f3spedes uma utiliza\u00e7\u00e3o respons\u00e1vel dos recursos dispon\u00edveis. Os h\u00f3spedes comprometem-se a evitar desperd\u00edcios de \u00e1gua, energia el\u00e9trica e outros recursos naturais, contribuindo para a preserva\u00e7\u00e3o ambiental da propriedade e da sua envolvente.\t\t\t\t\t\t\t\t<\/div>\n\t\t\t\t\t<\/div>\n\t\t<\/div>\n\t\t\t\t\t<\/div>\n\t\t<\/section>\n\t\t\t\t<section class=\"elementor-section elementor-inner-section elementor-element elementor-element-58580c1 elementor-section-boxed elementor-section-height-default elementor-section-height-default\" data-id=\"58580c1\" data-element_type=\"section\" data-e-type=\"section\">\n\t\t\t\t\t\t<div class=\"elementor-container elementor-column-gap-default\">\n\t\t\t\t\t<div class=\"elementor-column elementor-col-100 elementor-inner-column elementor-element elementor-element-4fcb634\" data-id=\"4fcb634\" data-element_type=\"column\" data-e-type=\"column\">\n\t\t\t<div class=\"elementor-widget-wrap elementor-element-populated\">\n\t\t\t\t\t\t<div class=\"elementor-element elementor-element-2b2135d elementor-widget elementor-widget-heading\" data-id=\"2b2135d\" data-element_type=\"widget\" data-e-type=\"widget\" data-widget_type=\"heading.default\">\n\t\t\t\t\t<p class=\"elementor-heading-title elementor-size-default\">23. For\u00e7a Maior<\/p>\t\t\t\t<\/div>\n\t\t\t\t<div class=\"elementor-element elementor-element-9d5cee7 elementor-widget elementor-widget-text-editor\" data-id=\"9d5cee7\" data-element_type=\"widget\" data-e-type=\"widget\" data-widget_type=\"text-editor.default\">\n\t\t\t\t\t\t\t\t\t<p>A unidade n\u00e3o poder\u00e1 ser responsabilizada por incumprimentos decorrentes de acontecimentos imprevis\u00edveis ou inevit\u00e1veis, incluindo fen\u00f3menos naturais, falhas de fornecimento de servi\u00e7os essenciais, restri\u00e7\u00f5es legais ou outras situa\u00e7\u00f5es de for\u00e7a maior<\/p>\t\t\t\t\t\t\t\t<\/div>\n\t\t\t\t\t<\/div>\n\t\t<\/div>\n\t\t\t\t\t<\/div>\n\t\t<\/section>\n\t\t\t\t<section class=\"elementor-section elementor-inner-section elementor-element elementor-element-8a615b6 elementor-section-boxed elementor-section-height-default elementor-section-height-default\" data-id=\"8a615b6\" data-element_type=\"section\" data-e-type=\"section\">\n\t\t\t\t\t\t<div class=\"elementor-container elementor-column-gap-default\">\n\t\t\t\t\t<div class=\"elementor-column elementor-col-100 elementor-inner-column elementor-element elementor-element-fe501eb\" data-id=\"fe501eb\" data-element_type=\"column\" data-e-type=\"column\">\n\t\t\t<div class=\"elementor-widget-wrap elementor-element-populated\">\n\t\t\t\t\t\t<div class=\"elementor-element elementor-element-6e7b63f elementor-widget elementor-widget-heading\" data-id=\"6e7b63f\" data-element_type=\"widget\" data-e-type=\"widget\" data-widget_type=\"heading.default\">\n\t\t\t\t\t<p class=\"elementor-heading-title elementor-size-default\">24. Prote\u00e7\u00e3o de Dados<\/p>\t\t\t\t<\/div>\n\t\t\t\t<div class=\"elementor-element elementor-element-af80158 elementor-widget elementor-widget-text-editor\" data-id=\"af80158\" data-element_type=\"widget\" data-e-type=\"widget\" data-widget_type=\"text-editor.default\">\n\t\t\t\t\t\t\t\t\t<p>Os dados pessoais fornecidos pelos h\u00f3spedes ser\u00e3o tratados em conformidade com a legisla\u00e7\u00e3o aplic\u00e1vel em mat\u00e9ria de prote\u00e7\u00e3o de dados, exclusivamente para efeitos de gest\u00e3o de reservas, cumprimento de obriga\u00e7\u00f5es legais e comunica\u00e7\u00e3o relacionada com a estadia.<\/p>\t\t\t\t\t\t\t\t<\/div>\n\t\t\t\t\t<\/div>\n\t\t<\/div>\n\t\t\t\t\t<\/div>\n\t\t<\/section>\n\t\t\t\t<section class=\"elementor-section elementor-inner-section elementor-element elementor-element-783a809 elementor-section-boxed elementor-section-height-default elementor-section-height-default\" data-id=\"783a809\" data-element_type=\"section\" data-e-type=\"section\">\n\t\t\t\t\t\t<div class=\"elementor-container elementor-column-gap-default\">\n\t\t\t\t\t<div class=\"elementor-column elementor-col-100 elementor-inner-column elementor-element elementor-element-43325ee\" data-id=\"43325ee\" data-element_type=\"column\" data-e-type=\"column\">\n\t\t\t<div class=\"elementor-widget-wrap elementor-element-populated\">\n\t\t\t\t\t\t<div class=\"elementor-element elementor-element-4f15ccf elementor-widget elementor-widget-heading\" data-id=\"4f15ccf\" data-element_type=\"widget\" data-e-type=\"widget\" data-widget_type=\"heading.default\">\n\t\t\t\t\t<p class=\"elementor-heading-title elementor-size-default\">25. Cl\u00e1usula de Videovigil\u00e2ncia<\/p>\t\t\t\t<\/div>\n\t\t\t\t<div class=\"elementor-element elementor-element-a6f440d elementor-widget elementor-widget-text-editor\" data-id=\"a6f440d\" data-element_type=\"widget\" data-e-type=\"widget\" data-widget_type=\"text-editor.default\">\n\t\t\t\t\t\t\t\t\t<p>Para garantir a seguran\u00e7a de pessoas e bens, o alojamento disp\u00f5e de um sistema de videovigil\u00e2ncia instalado exclusivamente nas zonas exteriores e\/ou \u00e1reas comuns. As c\u00e2maras n\u00e3o captam imagens do interior das unidades de alojamento, quartos, casas de banho ou quaisquer outras \u00e1reas destinadas \u00e0 privacidade dos h\u00f3spedes. As imagens recolhidas destinam-se unicamente a fins de seguran\u00e7a, preven\u00e7\u00e3o de incidentes e prote\u00e7\u00e3o do patrim\u00f3nio, sendo tratadas em conformidade com a legisla\u00e7\u00e3o em vigor em mat\u00e9ria de prote\u00e7\u00e3o de dados pessoais. O acesso \u00e0s grava\u00e7\u00f5es \u00e9 restrito \u00e0s pessoas devidamente autorizadas e apenas pelo per\u00edodo legalmente permitido ou pelo tempo estritamente necess\u00e1rio para os fins a que se destinam, podendo ser disponibilizadas \u00e0s autoridades competentes sempre que tal seja legalmente exigido. Ao efetuar a reserva e permanecer nas instala\u00e7\u00f5es, o h\u00f3spede declara ter conhecimento da exist\u00eancia do sistema de videovigil\u00e2ncia nas \u00e1reas abrangidas.<\/p>\t\t\t\t\t\t\t\t<\/div>\n\t\t\t\t\t<\/div>\n\t\t<\/div>\n\t\t\t\t\t<\/div>\n\t\t<\/section>\n\t\t\t\t<section class=\"elementor-section elementor-inner-section elementor-element elementor-element-684c3d7 elementor-section-boxed elementor-section-height-default elementor-section-height-default\" data-id=\"684c3d7\" data-element_type=\"section\" data-e-type=\"section\">\n\t\t\t\t\t\t<div class=\"elementor-container elementor-column-gap-default\">\n\t\t\t\t\t<div class=\"elementor-column elementor-col-100 elementor-inner-column elementor-element elementor-element-a05ee2e\" data-id=\"a05ee2e\" data-element_type=\"column\" data-e-type=\"column\">\n\t\t\t<div class=\"elementor-widget-wrap elementor-element-populated\">\n\t\t\t\t\t\t<div class=\"elementor-element elementor-element-17ffe1c elementor-widget elementor-widget-heading\" data-id=\"17ffe1c\" data-element_type=\"widget\" data-e-type=\"widget\" data-widget_type=\"heading.default\">\n\t\t\t\t\t<p class=\"elementor-heading-title elementor-size-default\">26. Livro de Reclama\u00e7\u00f5es<\/p>\t\t\t\t<\/div>\n\t\t\t\t<div class=\"elementor-element elementor-element-5d9699d elementor-widget elementor-widget-text-editor\" data-id=\"5d9699d\" data-element_type=\"widget\" data-e-type=\"widget\" data-widget_type=\"text-editor.default\">\n\t\t\t\t\t\t\t\t\t<p>A unidade disp\u00f5e de Livro de Reclama\u00e7\u00f5es, nos termos da legisla\u00e7\u00e3o portuguesa em vigor.<\/p>\t\t\t\t\t\t\t\t<\/div>\n\t\t\t\t\t<\/div>\n\t\t<\/div>\n\t\t\t\t\t<\/div>\n\t\t<\/section>\n\t\t\t\t<section class=\"elementor-section elementor-inner-section elementor-element elementor-element-a4f027e elementor-section-boxed elementor-section-height-default elementor-section-height-default\" data-id=\"a4f027e\" data-element_type=\"section\" data-e-type=\"section\">\n\t\t\t\t\t\t<div class=\"elementor-container elementor-column-gap-default\">\n\t\t\t\t\t<div class=\"elementor-column elementor-col-100 elementor-inner-column elementor-element elementor-element-876d7a2\" data-id=\"876d7a2\" data-element_type=\"column\" data-e-type=\"column\">\n\t\t\t<div class=\"elementor-widget-wrap elementor-element-populated\">\n\t\t\t\t\t\t<div class=\"elementor-element elementor-element-5e3fc70 elementor-widget elementor-widget-heading\" data-id=\"5e3fc70\" data-element_type=\"widget\" data-e-type=\"widget\" data-widget_type=\"heading.default\">\n\t\t\t\t\t<p class=\"elementor-heading-title elementor-size-default\">27. Regulamento Complementar<\/p>\t\t\t\t<\/div>\n\t\t\t\t<div class=\"elementor-element elementor-element-845ba5a elementor-widget elementor-widget-text-editor\" data-id=\"845ba5a\" data-element_type=\"widget\" data-e-type=\"widget\" data-widget_type=\"text-editor.default\">\n\t\t\t\t\t\t\t\t\t<p>As situa\u00e7\u00f5es n\u00e3o previstas nas presentes Condi\u00e7\u00f5es Gerais ser\u00e3o apreciadas e resolvidas pela ger\u00eancia, em conformidade com a legisla\u00e7\u00e3o portuguesa aplic\u00e1vel, os princ\u00edpios da boa-f\u00e9 e as regras de utiliza\u00e7\u00e3o respons\u00e1vel das instala\u00e7\u00f5es. A perman\u00eancia na unidade implica a aceita\u00e7\u00e3o integral das presentes Condi\u00e7\u00f5es Gerais e das instru\u00e7\u00f5es de utiliza\u00e7\u00e3o e seguran\u00e7a comunicadas pela ger\u00eancia.<\/p>\t\t\t\t\t\t\t\t<\/div>\n\t\t\t\t\t<\/div>\n\t\t<\/div>\n\t\t\t\t\t<\/div>\n\t\t<\/section>\n\t\t\t\t<section class=\"elementor-section elementor-inner-section elementor-element elementor-element-7b71695 elementor-section-boxed elementor-section-height-default elementor-section-height-default\" data-id=\"7b71695\" data-element_type=\"section\" data-e-type=\"section\">\n\t\t\t\t\t\t<div class=\"elementor-container elementor-column-gap-default\">\n\t\t\t\t\t<div class=\"elementor-column elementor-col-100 elementor-inner-column elementor-element elementor-element-59346fb\" data-id=\"59346fb\" data-element_type=\"column\" data-e-type=\"column\">\n\t\t\t<div class=\"elementor-widget-wrap elementor-element-populated\">\n\t\t\t\t\t\t<div class=\"elementor-element elementor-element-12c62a1 elementor-widget elementor-widget-heading\" data-id=\"12c62a1\" data-element_type=\"widget\" data-e-type=\"widget\" data-widget_type=\"heading.default\">\n\t\t\t\t\t<p class=\"elementor-heading-title elementor-size-default\">28. Lei Aplic\u00e1vel<\/p>\t\t\t\t<\/div>\n\t\t\t\t<div class=\"elementor-element elementor-element-b1965a1 elementor-widget elementor-widget-text-editor\" data-id=\"b1965a1\" data-element_type=\"widget\" data-e-type=\"widget\" data-widget_type=\"text-editor.default\">\n\t\t\t\t\t\t\t\t\t<p>As presentes condi\u00e7\u00f5es regem-se pela legisla\u00e7\u00e3o portuguesa.<\/p><p>Qualquer lit\u00edgio emergente da sua interpreta\u00e7\u00e3o ou execu\u00e7\u00e3o ser\u00e1 submetido aos tribunais competentes nos termos da lei portuguesa.<\/p>\t\t\t\t\t\t\t\t<\/div>\n\t\t\t\t\t<\/div>\n\t\t<\/div>\n\t\t\t\t\t<\/div>\n\t\t<\/section>\n\t\t\t\t\t<\/div>\n\t\t<\/div>\n\t\t\t\t\t<\/div>\n\t\t<\/section>\n\t\t\t\t<\/div>","protected":false},"excerpt":{"rendered":"<p>Termos e Condi\u00e7\u00f5es \u00daltima atualiza\u00e7\u00e3o: 25\/06\/2026 1. Identifica\u00e7\u00e3o do Alojamento As presentes Condi\u00e7\u00f5es Gerais regulam a utiliza\u00e7\u00e3o do empreendimento de Turismo Rural localizado na Rua Cimo de Vila, Fonte Arcada, composto por 7 suites e 1 apartamento com kitchenette, com capacidade m\u00e1xima de alojamento para 24 h\u00f3spedes.A realiza\u00e7\u00e3o de uma reserva implica a aceita\u00e7\u00e3o integral [&hellip;]<\/p>\n","protected":false},"author":1,"featured_media":0,"parent":0,"menu_order":0,"comment_status":"closed","ping_status":"closed","template":"elementor_header_footer","meta":{"footnotes":""},"folder":[],"class_list":["post-510","page","type-page","status-publish","hentry"],"yoast_head":"<!-- This site is optimized with the Yoast SEO plugin v28.0 - https:\/\/yoast.com\/product\/yoast-seo-wordpress\/ -->\n<title>Termos e Condi\u00e7\u00f5es - Caza de Cima de Villa<\/title>\n<meta name=\"robots\" content=\"index, follow, max-snippet:-1, max-image-preview:large, max-video-preview:-1\" \/>\n<link rel=\"canonical\" href=\"https:\/\/cazadecimadevilla.pt\/en\/termos-e-condicoes\/\" \/>\n<meta property=\"og:locale\" content=\"en_US\" \/>\n<meta property=\"og:type\" content=\"article\" \/>\n<meta property=\"og:title\" content=\"Termos e Condi\u00e7\u00f5es - Caza de Cima de Villa\" \/>\n<meta property=\"og:description\" content=\"Termos e Condi\u00e7\u00f5es \u00daltima atualiza\u00e7\u00e3o: 25\/06\/2026 1. Identifica\u00e7\u00e3o do Alojamento As presentes Condi\u00e7\u00f5es Gerais regulam a utiliza\u00e7\u00e3o do empreendimento de Turismo Rural localizado na Rua Cimo de Vila, Fonte Arcada, composto por 7 suites e 1 apartamento com kitchenette, com capacidade m\u00e1xima de alojamento para 24 h\u00f3spedes.A realiza\u00e7\u00e3o de uma reserva implica a aceita\u00e7\u00e3o integral [&hellip;]\" \/>\n<meta property=\"og:url\" content=\"https:\/\/cazadecimadevilla.pt\/en\/termos-e-condicoes\/\" \/>\n<meta property=\"og:site_name\" content=\"Caza de Cima de Villa\" \/>\n<meta property=\"article:publisher\" content=\"https:\/\/www.facebook.com\/p\/Caza-de-Cima-de-Villa-61590828234929\/\" \/>\n<meta property=\"article:modified_time\" content=\"2026-07-06T16:17:45+00:00\" \/>\n<meta name=\"twitter:card\" content=\"summary_large_image\" \/>\n<meta name=\"twitter:label1\" content=\"Est. reading time\" \/>\n\t<meta name=\"twitter:data1\" content=\"10 minutes\" \/>\n<script type=\"application\/ld+json\" class=\"yoast-schema-graph\">{\"@context\":\"https:\\\/\\\/schema.org\",\"@graph\":[{\"@type\":\"WebPage\",\"@id\":\"https:\\\/\\\/cazadecimadevilla.pt\\\/termos-e-condicoes\\\/\",\"url\":\"https:\\\/\\\/cazadecimadevilla.pt\\\/termos-e-condicoes\\\/\",\"name\":\"Termos e Condi\u00e7\u00f5es - Caza de Cima de Villa\",\"isPartOf\":{\"@id\":\"https:\\\/\\\/cazadecimadevilla.pt\\\/#website\"},\"datePublished\":\"2026-06-25T17:12:32+00:00\",\"dateModified\":\"2026-07-06T16:17:45+00:00\",\"breadcrumb\":{\"@id\":\"https:\\\/\\\/cazadecimadevilla.pt\\\/termos-e-condicoes\\\/#breadcrumb\"},\"inLanguage\":\"en-US\",\"potentialAction\":[{\"@type\":\"ReadAction\",\"target\":[\"https:\\\/\\\/cazadecimadevilla.pt\\\/termos-e-condicoes\\\/\"]}]},{\"@type\":\"BreadcrumbList\",\"@id\":\"https:\\\/\\\/cazadecimadevilla.pt\\\/termos-e-condicoes\\\/#breadcrumb\",\"itemListElement\":[{\"@type\":\"ListItem\",\"position\":1,\"name\":\"In\u00edcio\",\"item\":\"https:\\\/\\\/cazadecimadevilla.pt\\\/\"},{\"@type\":\"ListItem\",\"position\":2,\"name\":\"Termos e Condi\u00e7\u00f5es\"}]},{\"@type\":\"WebSite\",\"@id\":\"https:\\\/\\\/cazadecimadevilla.pt\\\/#website\",\"url\":\"https:\\\/\\\/cazadecimadevilla.pt\\\/\",\"name\":\"Caza de Cima de Villa\",\"description\":\"\",\"publisher\":{\"@id\":\"https:\\\/\\\/cazadecimadevilla.pt\\\/#organization\"},\"potentialAction\":[{\"@type\":\"SearchAction\",\"target\":{\"@type\":\"EntryPoint\",\"urlTemplate\":\"https:\\\/\\\/cazadecimadevilla.pt\\\/?s={search_term_string}\"},\"query-input\":{\"@type\":\"PropertyValueSpecification\",\"valueRequired\":true,\"valueName\":\"search_term_string\"}}],\"inLanguage\":\"en-US\"},{\"@type\":\"Organization\",\"@id\":\"https:\\\/\\\/cazadecimadevilla.pt\\\/#organization\",\"name\":\"Caza de Cima de Villa\",\"url\":\"https:\\\/\\\/cazadecimadevilla.pt\\\/\",\"logo\":{\"@type\":\"ImageObject\",\"inLanguage\":\"en-US\",\"@id\":\"https:\\\/\\\/cazadecimadevilla.pt\\\/#\\\/schema\\\/logo\\\/image\\\/\",\"url\":\"https:\\\/\\\/cazadecimadevilla.pt\\\/wp-content\\\/uploads\\\/2026\\\/06\\\/LOGO-CAZA-1-e1782406507699.png\",\"contentUrl\":\"https:\\\/\\\/cazadecimadevilla.pt\\\/wp-content\\\/uploads\\\/2026\\\/06\\\/LOGO-CAZA-1-e1782406507699.png\",\"width\":1845,\"height\":747,\"caption\":\"Caza de Cima de Villa\"},\"image\":{\"@id\":\"https:\\\/\\\/cazadecimadevilla.pt\\\/#\\\/schema\\\/logo\\\/image\\\/\"},\"sameAs\":[\"https:\\\/\\\/www.facebook.com\\\/p\\\/Caza-de-Cima-de-Villa-61590828234929\\\/\",\"https:\\\/\\\/www.instagram.com\\\/cazadecimadevilla\\\/\"]}]}<\/script>\n<!-- \/ Yoast SEO plugin. -->","yoast_head_json":{"title":"Termos e Condi\u00e7\u00f5es - Caza de Cima de Villa","robots":{"index":"index","follow":"follow","max-snippet":"max-snippet:-1","max-image-preview":"max-image-preview:large","max-video-preview":"max-video-preview:-1"},"canonical":"https:\/\/cazadecimadevilla.pt\/en\/termos-e-condicoes\/","og_locale":"en_US","og_type":"article","og_title":"Termos e Condi\u00e7\u00f5es - Caza de Cima de Villa","og_description":"Termos e Condi\u00e7\u00f5es \u00daltima atualiza\u00e7\u00e3o: 25\/06\/2026 1. Identifica\u00e7\u00e3o do Alojamento As presentes Condi\u00e7\u00f5es Gerais regulam a utiliza\u00e7\u00e3o do empreendimento de Turismo Rural localizado na Rua Cimo de Vila, Fonte Arcada, composto por 7 suites e 1 apartamento com kitchenette, com capacidade m\u00e1xima de alojamento para 24 h\u00f3spedes.A realiza\u00e7\u00e3o de uma reserva implica a aceita\u00e7\u00e3o integral [&hellip;]","og_url":"https:\/\/cazadecimadevilla.pt\/en\/termos-e-condicoes\/","og_site_name":"Caza de Cima de Villa","article_publisher":"https:\/\/www.facebook.com\/p\/Caza-de-Cima-de-Villa-61590828234929\/","article_modified_time":"2026-07-06T16:17:45+00:00","twitter_card":"summary_large_image","twitter_misc":{"Est. reading time":"10 minutes"},"schema":{"@context":"https:\/\/schema.org","@graph":[{"@type":"WebPage","@id":"https:\/\/cazadecimadevilla.pt\/termos-e-condicoes\/","url":"https:\/\/cazadecimadevilla.pt\/termos-e-condicoes\/","name":"Termos e Condi\u00e7\u00f5es - Caza de Cima de Villa","isPartOf":{"@id":"https:\/\/cazadecimadevilla.pt\/#website"},"datePublished":"2026-06-25T17:12:32+00:00","dateModified":"2026-07-06T16:17:45+00:00","breadcrumb":{"@id":"https:\/\/cazadecimadevilla.pt\/termos-e-condicoes\/#breadcrumb"},"inLanguage":"en-US","potentialAction":[{"@type":"ReadAction","target":["https:\/\/cazadecimadevilla.pt\/termos-e-condicoes\/"]}]},{"@type":"BreadcrumbList","@id":"https:\/\/cazadecimadevilla.pt\/termos-e-condicoes\/#breadcrumb","itemListElement":[{"@type":"ListItem","position":1,"name":"In\u00edcio","item":"https:\/\/cazadecimadevilla.pt\/"},{"@type":"ListItem","position":2,"name":"Termos e Condi\u00e7\u00f5es"}]},{"@type":"WebSite","@id":"https:\/\/cazadecimadevilla.pt\/#website","url":"https:\/\/cazadecimadevilla.pt\/","name":"Caza de Cima de Villa","description":"","publisher":{"@id":"https:\/\/cazadecimadevilla.pt\/#organization"},"potentialAction":[{"@type":"SearchAction","target":{"@type":"EntryPoint","urlTemplate":"https:\/\/cazadecimadevilla.pt\/?s={search_term_string}"},"query-input":{"@type":"PropertyValueSpecification","valueRequired":true,"valueName":"search_term_string"}}],"inLanguage":"en-US"},{"@type":"Organization","@id":"https:\/\/cazadecimadevilla.pt\/#organization","name":"Caza de Cima de Villa","url":"https:\/\/cazadecimadevilla.pt\/","logo":{"@type":"ImageObject","inLanguage":"en-US","@id":"https:\/\/cazadecimadevilla.pt\/#\/schema\/logo\/image\/","url":"https:\/\/cazadecimadevilla.pt\/wp-content\/uploads\/2026\/06\/LOGO-CAZA-1-e1782406507699.png","contentUrl":"https:\/\/cazadecimadevilla.pt\/wp-content\/uploads\/2026\/06\/LOGO-CAZA-1-e1782406507699.png","width":1845,"height":747,"caption":"Caza de Cima de Villa"},"image":{"@id":"https:\/\/cazadecimadevilla.pt\/#\/schema\/logo\/image\/"},"sameAs":["https:\/\/www.facebook.com\/p\/Caza-de-Cima-de-Villa-61590828234929\/","https:\/\/www.instagram.com\/cazadecimadevilla\/"]}]}},"_links":{"self":[{"href":"https:\/\/cazadecimadevilla.pt\/en\/wp-json\/wp\/v2\/pages\/510","targetHints":{"allow":["GET"]}}],"collection":[{"href":"https:\/\/cazadecimadevilla.pt\/en\/wp-json\/wp\/v2\/pages"}],"about":[{"href":"https:\/\/cazadecimadevilla.pt\/en\/wp-json\/wp\/v2\/types\/page"}],"author":[{"embeddable":true,"href":"https:\/\/cazadecimadevilla.pt\/en\/wp-json\/wp\/v2\/users\/1"}],"replies":[{"embeddable":true,"href":"https:\/\/cazadecimadevilla.pt\/en\/wp-json\/wp\/v2\/comments?post=510"}],"version-history":[{"count":25,"href":"https:\/\/cazadecimadevilla.pt\/en\/wp-json\/wp\/v2\/pages\/510\/revisions"}],"predecessor-version":[{"id":1253,"href":"https:\/\/cazadecimadevilla.pt\/en\/wp-json\/wp\/v2\/pages\/510\/revisions\/1253"}],"wp:attachment":[{"href":"https:\/\/cazadecimadevilla.pt\/en\/wp-json\/wp\/v2\/media?parent=510"}],"wp:term":[{"taxonomy":"folder","embeddable":true,"href":"https:\/\/cazadecimadevilla.pt\/en\/wp-json\/wp\/v2\/folder?post=510"}],"curies":[{"name":"wp","href":"https:\/\/api.w.org\/{rel}","templated":true}]}}